{"id":5017,"date":"2021-05-06T20:37:51","date_gmt":"2021-05-06T18:37:51","guid":{"rendered":"https:\/\/www.iapa.cc\/?page_id=5017"},"modified":"2026-03-23T17:00:46","modified_gmt":"2026-03-23T16:00:46","slug":"presse","status":"publish","type":"page","link":"https:\/\/iapa.cc\/en\/die-iapa\/presse\/","title":{"rendered":"Presse"},"content":{"rendered":"<p>[et_pb_section fb_built=&#8221;1&#8243; admin_label=&#8221;Contact Info&#8221; _builder_version=&#8221;4.16&#8243; background_image=&#8221;https:\/\/iapa.cc\/wp-content\/uploads\/2019\/07\/Fotolia_62139086_S.jpg&#8221; min_height=&#8221;323px&#8221; custom_padding=&#8221;110px||110px|&#8221; da_disable_devices=&#8221;off|off|off&#8221; locked=&#8221;off&#8221; global_colors_info=&#8221;{}&#8221; da_is_popup=&#8221;off&#8221; da_exit_intent=&#8221;off&#8221; da_has_close=&#8221;on&#8221; da_alt_close=&#8221;off&#8221; da_dark_close=&#8221;off&#8221; da_not_modal=&#8221;on&#8221; da_is_singular=&#8221;off&#8221; da_with_loader=&#8221;off&#8221; da_has_shadow=&#8221;on&#8221;][\/et_pb_section][et_pb_section fb_built=&#8221;1&#8243; _builder_version=&#8221;4.16&#8243; min_height=&#8221;195px&#8221; custom_padding=&#8221;||31px|||&#8221; da_disable_devices=&#8221;off|off|off&#8221; global_colors_info=&#8221;{}&#8221; da_is_popup=&#8221;off&#8221; da_exit_intent=&#8221;off&#8221; da_has_close=&#8221;on&#8221; da_alt_close=&#8221;off&#8221; da_dark_close=&#8221;off&#8221; da_not_modal=&#8221;on&#8221; da_is_singular=&#8221;off&#8221; da_with_loader=&#8221;off&#8221; da_has_shadow=&#8221;on&#8221;][et_pb_row use_custom_gutter=&#8221;on&#8221; make_equal=&#8221;on&#8221; _builder_version=&#8221;4.16&#8243; min_height=&#8221;1027px&#8221; global_colors_info=&#8221;{}&#8221;][et_pb_column type=&#8221;4_4&#8243; _builder_version=&#8221;4.16&#8243; global_colors_info=&#8221;{}&#8221;][et_pb_text admin_label=&#8221;Title&#8221; _builder_version=&#8221;4.16&#8243; text_font=&#8221;||||&#8221; text_text_color=&#8221;#1a1a1a&#8221; header_font=&#8221;Oswald|on||on|&#8221; header_text_align=&#8221;left&#8221; header_font_size=&#8221;60px&#8221; header_line_height=&#8221;1.3em&#8221; background_size=&#8221;initial&#8221; background_position=&#8221;top_left&#8221; background_repeat=&#8221;repeat&#8221; max_width=&#8221;927px&#8221; custom_margin=&#8221;|||&#8221; custom_padding=&#8221;|||&#8221; animation_style=&#8221;slide&#8221; animation_direction=&#8221;top&#8221; animation_intensity_slide=&#8221;10%&#8221; locked=&#8221;off&#8221; global_colors_info=&#8221;{}&#8221;]<\/p>\n<h1>PRESSE<\/h1>\n<p>[\/et_pb_text][et_pb_divider color=&#8221;#426a3c&#8221; divider_position=&#8221;center&#8221; divider_weight=&#8221;3px&#8221; disabled_on=&#8221;off|off|off%22&#8243; _builder_version=&#8221;4.16&#8243; max_width=&#8221;150px&#8221; height=&#8221;false&#8221; custom_margin=&#8221;30px|||&#8221; animation_style=&#8221;slide&#8221; animation_direction=&#8221;top&#8221; animation_delay=&#8221;100ms&#8221; animation_intensity_slide=&#8221;10%&#8221; locked=&#8221;off&#8221; global_colors_info=&#8221;{}&#8221;][\/et_pb_divider][et_pb_text _builder_version=&#8221;4.16&#8243; text_font=&#8221;||||||||&#8221; text_font_size=&#8221;19px&#8221; header_font=&#8221;||||||||&#8221; custom_padding=&#8221;||0px|||&#8221; text_text_align=&#8221;left&#8221; global_colors_info=&#8221;{}&#8221;]<\/p>\n<h2><strong>KLETTERW\u00c4LDER M\u00dcSSEN \u00d6FFNEN &#8211; DIE PRESSE BERICHTET<\/strong><\/h2>\n<p>&nbsp;<\/p>\n<p>06.05.2021: Mehr als 100 Kletterwald-Betreiber Deutschlands haben sich bereits im 1. Lockdown in 2020 zusammengeschlossen und Betriebskonzepte erstellt, die einen sicheren Kletterwald-Betrieb unter Einhaltung der geltenden Hygiene- und Abstandsregeln gew\u00e4hrleisten. Diese Konzepte haben sich im letzten Jahr bew\u00e4hrt. Es ist international kein einziger Fall bekannt, indem eine Ansteckung mit Corona in einem Kletterwald stattgefunden hat.<\/p>\n<p>Kletterw\u00e4lder sind keine Infektionsherde. Wir tragen zur Gesundheit unserer Bev\u00f6lkerung bei. Wir k\u00f6nnen Arbeitspl\u00e4tze erhalten. Wir schaden keinen Menschen, aber Millionen Menschen k\u00f6nnen wir helfen. Die Wissenschaft spricht f\u00fcr uns und wir fordern die sofortige \u00d6ffnung unserer Kletterw\u00e4lder!<\/p>\n<p>[\/et_pb_text][et_pb_divider color=&#8221;#426a3c&#8221; divider_position=&#8221;center&#8221; divider_weight=&#8221;3px&#8221; disabled_on=&#8221;off|off|off%22&#8243; _builder_version=&#8221;4.16&#8243; max_width=&#8221;150px&#8221; height=&#8221;false&#8221; custom_margin=&#8221;30px|||&#8221; animation_style=&#8221;slide&#8221; animation_direction=&#8221;top&#8221; animation_delay=&#8221;100ms&#8221; animation_intensity_slide=&#8221;10%&#8221; locked=&#8221;off&#8221; global_colors_info=&#8221;{}&#8221;][\/et_pb_divider][et_pb_text _builder_version=&#8221;4.16&#8243; text_font=&#8221;||||||||&#8221; text_font_size=&#8221;19px&#8221; header_font=&#8221;||||||||&#8221; custom_padding=&#8221;||0px|||&#8221; text_text_align=&#8221;left&#8221; global_colors_info=&#8221;{}&#8221;]<\/p>\n<h2><strong>Offene Briefe und Dokumente der IAPA<\/strong><\/h2>\n<p>&nbsp;<\/p>\n<table style=\"width: 1077px;\" border=\"0\" cellspacing=\"0\" cellpadding=\"0\">\n<tbody>\n<tr>\n<td style=\"width: 227.46875px;\">\n<div>04.05.2021<\/div>\n<\/td>\n<td style=\"text-align: right; width: 847.53125px;\">\n<div style=\"text-align: left;\"><a href=\"https:\/\/www.iapa.cc\/wp-content\/uploads\/2021\/05\/Offener-Brief-der-IAPA-mit-Forderung-Oeffnung-der-Seilgaerten_Mai-2021.pdf\" target=\"_blank\" rel=\"noopener\">Offener Brief der IAPA mit Forderung einer sofortigen bundesweiten \u00d6ffnung aller Kletterw\u00e4lder<\/a><\/div>\n<\/td>\n<\/tr>\n<tr>\n<td style=\"width: 227.46875px;\">\n<div>25.02.2021<\/div>\n<\/td>\n<td style=\"text-align: right; width: 847.53125px;\">\n<div style=\"text-align: left;\"><a href=\"https:\/\/www.iapa.cc\/wp-content\/uploads\/2021\/05\/Exitstrategie-Seilgaerten_Saisonstart-2021-moeglich_25.02.21.pdf\" target=\"_blank\" rel=\"noopener\">Offener Brief der IAPA mit Darlegung der Exitstrategie von Seilg\u00e4rten<\/a><\/div>\n<\/td>\n<\/tr>\n<tr>\n<td style=\"width: 227.46875px;\">01.01.2021<\/td>\n<td style=\"width: 847.53125px; text-align: left;\"><a href=\"https:\/\/www.iapa.cc\/wp-content\/uploads\/2021\/05\/Ergaenzung-der-Risikobeurteilung-in-Seilgaeren-im-Sinne-der-SARS-CoV-2-Pandemie_IAPA_01012021.pdf\" target=\"_blank\" rel=\"noopener\">Erg\u00e4nzung der Risikobeurteilung in Seilg\u00e4rten im Sinne der SARS-CoV-2 Pandemie<\/a><\/td>\n<\/tr>\n<tr>\n<td style=\"width: 227.46875px;\">01.01.2021<\/td>\n<td style=\"width: 847.53125px; text-align: left;\"><a href=\"https:\/\/www.iapa.cc\/wp-content\/uploads\/2021\/05\/Ergaenzung-der-Risikobeurteilung-in-Seilgaerten-in-der-Ausbildungssituation-im-Sinne-der-SARS-CoV-2-Pandemie_IAPA_01012021.pdf\" target=\"_blank\" rel=\"noopener\">Erg\u00e4nzung der Risikobeurteilung in Seilg\u00e4rten w\u00e4hrend der Ausbildungssituation im Sinne der SARS-CoV-2-Pandemie<\/a><span style=\"font-size: 19px;\">\u00a0<\/span><\/td>\n<\/tr>\n<\/tbody>\n<\/table>\n<p>&nbsp;<\/p>\n<p>[\/et_pb_text][et_pb_divider color=&#8221;#426a3c&#8221; divider_position=&#8221;center&#8221; divider_weight=&#8221;3px&#8221; disabled_on=&#8221;off|off|off%22&#8243; _builder_version=&#8221;4.16&#8243; max_width=&#8221;150px&#8221; height=&#8221;false&#8221; custom_margin=&#8221;30px|||&#8221; animation_style=&#8221;slide&#8221; animation_direction=&#8221;top&#8221; animation_delay=&#8221;100ms&#8221; animation_intensity_slide=&#8221;10%&#8221; locked=&#8221;off&#8221; global_colors_info=&#8221;{}&#8221;][\/et_pb_divider][et_pb_text _builder_version=&#8221;4.16&#8243; text_font=&#8221;||||||||&#8221; text_font_size=&#8221;19px&#8221; header_font=&#8221;||||||||&#8221; custom_margin=&#8221;||2px|||&#8221; custom_padding=&#8221;||0px|||&#8221; text_text_align=&#8221;left&#8221; global_colors_info=&#8221;{}&#8221;]<\/p>\n<h2><strong>Die Presse berichtet \u00fcber uns<\/strong><\/h2>\n<p>&nbsp;<\/p>\n<table style=\"width: 1077px;\" border=\"0\" cellspacing=\"0\" cellpadding=\"0\">\n<tbody>\n<tr>\n<td style=\"width: 227.46875px;\">\n<div>22..05.2021<\/div>\n<\/td>\n<td style=\"text-align: right; width: 847.53125px;\">\n<div style=\"text-align: left;\"><a href=\"https:\/\/www.iapa.cc\/wp-content\/uploads\/2021\/06\/Suedkurier-22.05.2021.jpg\" target=\"_blank\" rel=\"noopener\">S\u00fcdkurier: Endlich wieder mehr Freiheiten<\/a><\/div>\n<\/td>\n<\/tr>\n<tr>\n<td style=\"width: 227.46875px;\">\n<div>10.05.2021<\/div>\n<\/td>\n<td style=\"text-align: right; width: 847.53125px;\">\n<div style=\"text-align: left;\"><a href=\"https:\/\/www.iapa.cc\/wp-content\/uploads\/2021\/05\/Schwaebische-Zeitung-10.5.21-Kletterwaoed-fordert-einheitliche-Regelung-und-Oeffnung.png\" target=\"_blank\" rel=\"noopener\">Schw\u00e4bische Zeitung: Kletterwald fordert einheitliche Regelung und \u00d6ffnung<\/a><\/div>\n<\/td>\n<\/tr>\n<tr>\n<td style=\"width: 227.46875px;\">\n<div>08.05.2021<\/div>\n<\/td>\n<td style=\"text-align: right; width: 847.53125px;\">\n<div style=\"text-align: left;\"><a href=\"https:\/\/www.iapa.cc\/wp-content\/uploads\/2021\/05\/Suedkurier-8.5.21_Zaubertrankkessel-der-Unbeugsamen.jpg\" target=\"_blank\" rel=\"noopener\">S\u00fcdkurier: Zaubertrank-Kessel der Unbeugsamen steht am Bodensee<\/a><\/div>\n<\/td>\n<\/tr>\n<tr>\n<td style=\"width: 227.46875px;\">\n<div>07.05.2021<\/div>\n<\/td>\n<td style=\"text-align: right; width: 847.53125px;\">\n<div style=\"text-align: left;\"><a href=\"https:\/\/www.iapa.cc\/wp-content\/uploads\/2021\/05\/WAZ_VelbertHeiligenhaus-7.05.21_KPs-im-Freien-kaempfen-fuer-Oeffnung.pdf\" target=\"_blank\" rel=\"noopener\">WAZ Lokalteil Velbert\/ Heiligenhaus: Kletterparks im Freien k\u00e4mpfen f\u00fcr \u00d6ffnung<\/a><\/div>\n<\/td>\n<\/tr>\n<tr>\n<td style=\"width: 227.46875px;\">\n<div>07.05.2021<\/div>\n<\/td>\n<td style=\"text-align: right; width: 847.53125px;\">\n<div style=\"text-align: left;\"><a href=\"https:\/\/www.iapa.cc\/wp-content\/uploads\/2021\/05\/Lippische-Zeitung-7.5.21_KPs-fordern-bundesweit-einheitliche-Loesung.jpg\" target=\"_blank\" rel=\"noopener\">Lippische Zeitung: Kletterparks fordern bundesweit einheitliche L\u00f6sung<\/a><\/div>\n<\/td>\n<\/tr>\n<tr>\n<td style=\"width: 227.46875px;\">\n<div>06.05.2021<\/div>\n<\/td>\n<td style=\"text-align: right; width: 847.53125px;\">\n<div style=\"text-align: left;\"><a href=\"https:\/\/www.iapa.cc\/wp-content\/uploads\/2021\/05\/SWR-4-6.5.21-Regionale-Meldung.pdf\" target=\"_blank\" rel=\"noopener\">SWR 4: Meldung in den Regionalnachrichten<\/a><\/div>\n<\/td>\n<\/tr>\n<tr>\n<td style=\"width: 227.46875px;\">\n<div>05.05.2021<\/div>\n<\/td>\n<td style=\"text-align: right; width: 847.53125px;\">\n<div style=\"text-align: left;\"><a href=\"https:\/\/www.iapa.cc\/wp-content\/uploads\/2021\/05\/Suedkurier-5.5.21-Betreiber-von-Kletterparks-wollen-klagen.jpg\" target=\"_blank\" rel=\"noopener\">S\u00fcdkurier: Betreiber von Kletterparks wollen klagen<\/a><\/div>\n<\/td>\n<\/tr>\n<tr>\n<td style=\"width: 227.46875px;\">\n<div>04.05.2021<\/div>\n<\/td>\n<td style=\"text-align: right; width: 847.53125px;\">\n<div style=\"text-align: left;\"><a href=\"https:\/\/fb.watch\/5i0ukYexze\/\" target=\"_blank\" rel=\"noopener\">Statement von Dr. Dieter Bubeck vom Institut f\u00fcr Sport- und Bewegungswissenschaft der Uni Stuttgart &#8211; Kletterw\u00e4lder sind Sportst\u00e4tten<\/a><\/div>\n<\/td>\n<\/tr>\n<tr>\n<td style=\"width: 227.46875px;\">04.05.2021<\/td>\n<td style=\"text-align: right; width: 847.53125px;\">\n<div style=\"text-align: left;\"><a href=\"https:\/\/www.iapa.cc\/wp-content\/uploads\/2021\/05\/Wertheimer-Zeitung-5.5.21-Presseartikel-Kletterwald-Silvrestra-in-Wertheim.pdf\" target=\"_blank\" rel=\"noopener\">Main-Echo: Wie gef\u00e4hrlich ist in Pandemiezeiten Sport an der frischen Luft? Absurde Regelung von Kletterparks in verschiedenen Bundesl\u00e4ndern<\/a>; Original-Link <a href=\"https:\/\/www.main-echo.de\/regional\/kreis-main-tauber\/wie-gefaehrlich-ist-sport-an-der-frischen-luft-art-7285479?fbclid=IwAR3KvPB7w2Pr6rdCH7fn9gMA9MCLgC0daxsQpvJr0U0sQDpQ1Sj6qq0ldZ8\" target=\"_blank\" rel=\"noopener\">hier<\/a><span style=\"font-size: 19px;\">\u00a0<\/span><\/div>\n<\/td>\n<\/tr>\n<tr>\n<td style=\"width: 227.46875px;\">28.04.2021<\/td>\n<td style=\"text-align: right; width: 847.53125px;\">\n<div style=\"text-align: left;\"><a href=\"https:\/\/www.rtl.de\/cms\/hindernispark-in-bochum-trainieren-an-der-frischen-luft-4750040.html\" target=\"_blank\" rel=\"noopener\">RTL.de: Hindernispark in Bochum &#8211; Trainieren an der frischen Luft<\/a><\/div>\n<\/td>\n<\/tr>\n<\/tbody>\n<\/table>\n<p>&nbsp;<\/p>\n<p>[\/et_pb_text][et_pb_divider color=&#8221;#426a3c&#8221; divider_position=&#8221;center&#8221; divider_weight=&#8221;3px&#8221; disabled_on=&#8221;off|off|off%22&#8243; _builder_version=&#8221;4.16&#8243; max_width=&#8221;150px&#8221; height=&#8221;false&#8221; custom_margin=&#8221;30px|||&#8221; animation_style=&#8221;slide&#8221; animation_direction=&#8221;top&#8221; animation_delay=&#8221;100ms&#8221; animation_intensity_slide=&#8221;10%&#8221; locked=&#8221;off&#8221; global_colors_info=&#8221;{}&#8221;][\/et_pb_divider][et_pb_text _builder_version=&#8221;4.16&#8243; text_font=&#8221;||||||||&#8221; text_font_size=&#8221;19px&#8221; header_font=&#8221;||||||||&#8221; custom_padding=&#8221;||0px|||&#8221; text_text_align=&#8221;left&#8221; global_colors_info=&#8221;{}&#8221;]<\/p>\n<h2><strong>Rechtsprechungen und Pressemitteilungen<\/strong><\/h2>\n<p>&nbsp;<\/p>\n<table style=\"width: 1077px;\" border=\"0\" cellspacing=\"0\" cellpadding=\"0\">\n<tbody>\n<tr>\n<td style=\"width: 227.46875px;\">\n<div>30.04.2021<\/div>\n<\/td>\n<td style=\"text-align: right; width: 847.53125px;\">\n<div style=\"text-align: left;\">Nieders\u00e4chsisches OVG &#8211; Pressemitteilung: <a href=\"https:\/\/oberverwaltungsgericht.niedersachsen.de\/aktuelles\/presseinformationen\/vorlaufige-ausservollzugsetzung-der-coronabedingten-schliessung-von-klettergarten-und-kletterparks-199954.html\" target=\"_blank\" rel=\"noopener\">Vorl\u00e4ufige Au\u00dfervollzugsetzung der coronabedingten Schlie\u00dfung von Kletterg\u00e4rten und Kletterparks<\/a>; Rechtsprechung der nieders\u00e4chsischen Justiz <a href=\"http:\/\/www.rechtsprechung.niedersachsen.de\/jportal\/portal\/page\/bsndprod.psml?doc.id=MWRE210001756&amp;st=null&amp;showdoccase=1\" target=\"_blank\" rel=\"noopener\">hier<\/a><\/div>\n<\/td>\n<\/tr>\n<tr>\n<td style=\"width: 227.46875px;\">16.03.2021<\/td>\n<td style=\"width: 847.53125px; text-align: left;\">St\u00e4dtetag BaW\u00fc:\u00a0<a href=\"https:\/\/www.iapa.cc\/wp-content\/uploads\/2021\/05\/Staedtetag-BaWue-16.3.21_Klarstellungen-im-Sportbereich-aufgrund-der-Begruendung-vom-11.03.2021-zur-6.-Coronaverordnung-vom-07.03.2021.pdf\" target=\"_blank\" rel=\"noopener\"><span style=\"font-family: inherit; font-size: inherit;\">Klarstellungen im Sportbereich aufgrund der Begru\u0308ndung vom 11.03.2021 zur 6. Coronaverordnung vom 07.03.2021<\/span><\/a><\/td>\n<\/tr>\n<tr>\n<td style=\"width: 227.46875px;\">16.12.2020<\/td>\n<td style=\"width: 847.53125px; text-align: left;\"><a href=\"https:\/\/www.iapa.cc\/wp-content\/uploads\/2021\/05\/Landtag-BaWue-16.12.20_Nutzung-von-Sportstaetten-und-Sportanlagen-in-Zeiten-des-harten-Lockdowns.pdf\" target=\"_blank\" rel=\"noopener\" data-wplink-edit=\"true\">Landtag BaW\u00fc Drucksache 16\/9562: Nutzung von Sportst\u00e4tten und Sportanlagen in Zeiten des &#8220;harten&#8221; Lockdowns<\/a><\/td>\n<\/tr>\n<\/tbody>\n<\/table>\n<div>\u00a0<\/div>\n<p>[\/et_pb_text][\/et_pb_column][\/et_pb_row][\/et_pb_section]<\/p>\n","protected":false},"excerpt":{"rendered":"<p>PRESSEKLETTERW\u00c4LDER M\u00dcSSEN \u00d6FFNEN &#8211; DIE PRESSE BERICHTET &nbsp; 06.05.2021: Mehr als 100 Kletterwald-Betreiber Deutschlands haben sich bereits im 1. Lockdown in 2020 zusammengeschlossen und Betriebskonzepte erstellt, die einen sicheren Kletterwald-Betrieb unter Einhaltung der geltenden Hygiene- und Abstandsregeln gew\u00e4hrleisten. Diese Konzepte haben sich im letzten Jahr bew\u00e4hrt. Es ist international kein einziger Fall bekannt, indem eine [&hellip;]<\/p>\n","protected":false},"author":1,"featured_media":0,"parent":26,"menu_order":9,"comment_status":"closed","ping_status":"closed","template":"","meta":{"_et_pb_use_builder":"on","_et_pb_old_content":"","_et_gb_content_width":"","footnotes":""},"class_list":["post-5017","page","type-page","status-publish","hentry"],"_links":{"self":[{"href":"https:\/\/iapa.cc\/en\/wp-json\/wp\/v2\/pages\/5017","targetHints":{"allow":["GET"]}}],"collection":[{"href":"https:\/\/iapa.cc\/en\/wp-json\/wp\/v2\/pages"}],"about":[{"href":"https:\/\/iapa.cc\/en\/wp-json\/wp\/v2\/types\/page"}],"author":[{"embeddable":true,"href":"https:\/\/iapa.cc\/en\/wp-json\/wp\/v2\/users\/1"}],"replies":[{"embeddable":true,"href":"https:\/\/iapa.cc\/en\/wp-json\/wp\/v2\/comments?post=5017"}],"version-history":[{"count":3,"href":"https:\/\/iapa.cc\/en\/wp-json\/wp\/v2\/pages\/5017\/revisions"}],"predecessor-version":[{"id":8087,"href":"https:\/\/iapa.cc\/en\/wp-json\/wp\/v2\/pages\/5017\/revisions\/8087"}],"up":[{"embeddable":true,"href":"https:\/\/iapa.cc\/en\/wp-json\/wp\/v2\/pages\/26"}],"wp:attachment":[{"href":"https:\/\/iapa.cc\/en\/wp-json\/wp\/v2\/media?parent=5017"}],"curies":[{"name":"wp","href":"https:\/\/api.w.org\/{rel}","templated":true}]}}